{"id":8857,"date":"2025-06-17T11:56:20","date_gmt":"2025-06-17T09:56:20","guid":{"rendered":"https:\/\/consejojuventudcalahorra.com\/cjcc\/?post_type=tribe_events&#038;p=8857"},"modified":"2025-07-28T09:43:01","modified_gmt":"2025-07-28T07:43:01","slug":"taller-de-estrellas","status":"publish","type":"tribe_events","link":"https:\/\/consejojuventudcalahorra.com\/cjcc\/evento\/taller-de-estrellas\/","title":{"rendered":"TALLER DE ESTRELLAS"},"content":{"rendered":"<p>El Consejo de la Juventud Comarcal de Calahorra presenta una nueva edici\u00f3n del\u00a0<strong>Taller de Estrellas<\/strong>, que se celebrar\u00e1 el\u00a0<strong>martes 12 de agosto a las 20:00 h<\/strong>. La participaci\u00f3n es gratuita y las plazas son limitadas.<\/p>\n<p>La actividad comenzar\u00e1 con una\u00a0<strong>sesi\u00f3n te\u00f3rica<\/strong>\u00a0en el Centro Joven de Calahorra, impartida por\u00a0<strong>la astrof\u00edsica Ana Urs\u00faa<\/strong>, que introducir\u00e1 a las personas participantes en el mundo de la astronom\u00eda de forma amena y accesible. Durante esta primera parte se elaborar\u00e1n\u00a0<strong>planisferios personalizados<\/strong>, que servir\u00e1n como gu\u00eda para la observaci\u00f3n posterior.<\/p>\n<p>Despu\u00e9s, el grupo\u00a0<strong>se desplazar\u00e1 al aire libre<\/strong>\u00a0para observar el cielo nocturno y, si las condiciones lo permiten, disfrutar de las\u00a0<strong>estrellas fugaces<\/strong>. Este taller es tambi\u00e9n una preparaci\u00f3n para el\u00a0<strong>gran eclipse solar total que tendr\u00e1 lugar el 12 de agosto de 2026<\/strong>, un evento \u00fanico que ser\u00e1 visible desde nuestra zona y que convertir\u00e1 el d\u00eda en noche durante casi dos minutos.<\/p>\n<p>Para participar, es necesario inscribirse previamente enviando un mensaje por WhatsApp al 667 463 791.<\/p>\n<p><strong>Contacto:<\/strong><br \/>\nFacebook:\u00a0<a href=\"https:\/\/www.facebook.com\/consejojuventudcalahorra\">https:\/\/www.facebook.com\/consejojuventudcalahorra<\/a><br \/>\nInstagram:\u00a0<a href=\"https:\/\/www.instagram.com\/consejocalahorra\/\">https:\/\/www.instagram.com\/consejocalahorra\/<\/a><br \/>\n<strong>Revisa nuestro calendario:<\/strong><br \/>\n<a href=\"https:\/\/consejojuventudcalahorra.com\/cjcc\/calendario\/mes\/\">https:\/\/consejojuventudcalahorra.com\/cjcc\/calendario\/mes\/<\/a><\/p>\n","protected":false},"excerpt":{"rendered":"<p>El Consejo de la Juventud Comarcal de Calahorra presenta una nueva edici\u00f3n del\u00a0Taller de Estrellas, que se celebrar\u00e1 el\u00a0martes 12 de agosto a las 20:00 h. La participaci\u00f3n es gratuita [&hellip;]<\/p>\n","protected":false},"author":1,"featured_media":9418,"template":"","meta":{"_et_pb_use_builder":"","_et_pb_old_content":"","_et_gb_content_width":"","_tribe_events_status":"","_tribe_events_status_reason":"","footnotes":""},"tags":[],"tribe_events_cat":[83],"class_list":["post-8857","tribe_events","type-tribe_events","status-publish","has-post-thumbnail","hentry","tribe_events_cat-tallerestrellas","cat_tallerestrellas"],"yoast_head":"<!-- This site is optimized with the Yoast SEO plugin v27.4 - https:\/\/yoast.com\/product\/yoast-seo-wordpress\/ -->\n<title>TALLER DE ESTRELLAS - Consejo de la Juventud Comarcal de Calahorra<\/title>\n<meta name=\"robots\" content=\"index, follow, max-snippet:-1, max-image-preview:large, max-video-preview:-1\" \/>\n<link rel=\"canonical\" href=\"https:\/\/consejojuventudcalahorra.com\/cjcc\/evento\/taller-de-estrellas\/\" \/>\n<meta property=\"og:locale\" content=\"es_ES\" \/>\n<meta property=\"og:type\" content=\"article\" \/>\n<meta property=\"og:title\" content=\"TALLER DE ESTRELLAS - Consejo de la Juventud Comarcal de Calahorra\" \/>\n<meta property=\"og:description\" content=\"El Consejo de la Juventud Comarcal de Calahorra presenta una nueva edici\u00f3n del\u00a0Taller de Estrellas, que se celebrar\u00e1 el\u00a0martes 12 de agosto a las 20:00 h. La participaci\u00f3n es gratuita [&hellip;]\" \/>\n<meta property=\"og:url\" content=\"https:\/\/consejojuventudcalahorra.com\/cjcc\/evento\/taller-de-estrellas\/\" \/>\n<meta property=\"og:site_name\" content=\"Consejo de la Juventud Comarcal de Calahorra\" \/>\n<meta property=\"article:publisher\" content=\"https:\/\/www.facebook.com\/consejojuventudcalahorra\/?locale=es_ES\" \/>\n<meta property=\"article:modified_time\" content=\"2025-07-28T07:43:01+00:00\" \/>\n<meta property=\"og:image\" content=\"https:\/\/consejojuventudcalahorra.com\/cjcc\/wp-content\/uploads\/2025\/07\/2025_07_28-taller-de-estrellas.jpeg\" \/>\n\t<meta property=\"og:image:width\" content=\"452\" \/>\n\t<meta property=\"og:image:height\" content=\"640\" \/>\n\t<meta property=\"og:image:type\" content=\"image\/jpeg\" \/>\n<meta name=\"twitter:card\" content=\"summary_large_image\" \/>\n<script type=\"application\/ld+json\" class=\"yoast-schema-graph\">{\"@context\":\"https:\\\/\\\/schema.org\",\"@graph\":[{\"@type\":\"WebPage\",\"@id\":\"https:\\\/\\\/consejojuventudcalahorra.com\\\/cjcc\\\/evento\\\/taller-de-estrellas\\\/\",\"url\":\"https:\\\/\\\/consejojuventudcalahorra.com\\\/cjcc\\\/evento\\\/taller-de-estrellas\\\/\",\"name\":\"TALLER DE ESTRELLAS - Consejo de la Juventud Comarcal de Calahorra\",\"isPartOf\":{\"@id\":\"https:\\\/\\\/consejojuventudcalahorra.com\\\/cjcc\\\/#website\"},\"primaryImageOfPage\":{\"@id\":\"https:\\\/\\\/consejojuventudcalahorra.com\\\/cjcc\\\/evento\\\/taller-de-estrellas\\\/#primaryimage\"},\"image\":{\"@id\":\"https:\\\/\\\/consejojuventudcalahorra.com\\\/cjcc\\\/evento\\\/taller-de-estrellas\\\/#primaryimage\"},\"thumbnailUrl\":\"https:\\\/\\\/consejojuventudcalahorra.com\\\/cjcc\\\/wp-content\\\/uploads\\\/2025\\\/07\\\/2025_07_28-taller-de-estrellas.jpeg\",\"datePublished\":\"2025-06-17T09:56:20+00:00\",\"dateModified\":\"2025-07-28T07:43:01+00:00\",\"breadcrumb\":{\"@id\":\"https:\\\/\\\/consejojuventudcalahorra.com\\\/cjcc\\\/evento\\\/taller-de-estrellas\\\/#breadcrumb\"},\"inLanguage\":\"es\",\"potentialAction\":[{\"@type\":\"ReadAction\",\"target\":[\"https:\\\/\\\/consejojuventudcalahorra.com\\\/cjcc\\\/evento\\\/taller-de-estrellas\\\/\"]}]},{\"@type\":\"ImageObject\",\"inLanguage\":\"es\",\"@id\":\"https:\\\/\\\/consejojuventudcalahorra.com\\\/cjcc\\\/evento\\\/taller-de-estrellas\\\/#primaryimage\",\"url\":\"https:\\\/\\\/consejojuventudcalahorra.com\\\/cjcc\\\/wp-content\\\/uploads\\\/2025\\\/07\\\/2025_07_28-taller-de-estrellas.jpeg\",\"contentUrl\":\"https:\\\/\\\/consejojuventudcalahorra.com\\\/cjcc\\\/wp-content\\\/uploads\\\/2025\\\/07\\\/2025_07_28-taller-de-estrellas.jpeg\",\"width\":452,\"height\":640},{\"@type\":\"BreadcrumbList\",\"@id\":\"https:\\\/\\\/consejojuventudcalahorra.com\\\/cjcc\\\/evento\\\/taller-de-estrellas\\\/#breadcrumb\",\"itemListElement\":[{\"@type\":\"ListItem\",\"position\":1,\"name\":\"Portada\",\"item\":\"https:\\\/\\\/consejojuventudcalahorra.com\\\/cjcc\\\/\"},{\"@type\":\"ListItem\",\"position\":2,\"name\":\"Eventos\",\"item\":\"https:\\\/\\\/consejojuventudcalahorra.com\\\/cjcc\\\/calendario\\\/\"},{\"@type\":\"ListItem\",\"position\":3,\"name\":\"TALLER DE ESTRELLAS\"}]},{\"@type\":\"WebSite\",\"@id\":\"https:\\\/\\\/consejojuventudcalahorra.com\\\/cjcc\\\/#website\",\"url\":\"https:\\\/\\\/consejojuventudcalahorra.com\\\/cjcc\\\/\",\"name\":\"Consejo de la Juventud Comarcal de Calahorra\",\"description\":\"Ser joven es ser algo m\u00e1s\",\"publisher\":{\"@id\":\"https:\\\/\\\/consejojuventudcalahorra.com\\\/cjcc\\\/#organization\"},\"potentialAction\":[{\"@type\":\"SearchAction\",\"target\":{\"@type\":\"EntryPoint\",\"urlTemplate\":\"https:\\\/\\\/consejojuventudcalahorra.com\\\/cjcc\\\/?s={search_term_string}\"},\"query-input\":{\"@type\":\"PropertyValueSpecification\",\"valueRequired\":true,\"valueName\":\"search_term_string\"}}],\"inLanguage\":\"es\"},{\"@type\":\"Organization\",\"@id\":\"https:\\\/\\\/consejojuventudcalahorra.com\\\/cjcc\\\/#organization\",\"name\":\"Consejo de la Juventud Comarcal de Calahorra\",\"url\":\"https:\\\/\\\/consejojuventudcalahorra.com\\\/cjcc\\\/\",\"logo\":{\"@type\":\"ImageObject\",\"inLanguage\":\"es\",\"@id\":\"https:\\\/\\\/consejojuventudcalahorra.com\\\/cjcc\\\/#\\\/schema\\\/logo\\\/image\\\/\",\"url\":\"https:\\\/\\\/consejojuventudcalahorra.com\\\/cjcc\\\/wp-content\\\/uploads\\\/2025\\\/09\\\/Logo-CJCC.png\",\"contentUrl\":\"https:\\\/\\\/consejojuventudcalahorra.com\\\/cjcc\\\/wp-content\\\/uploads\\\/2025\\\/09\\\/Logo-CJCC.png\",\"width\":964,\"height\":660,\"caption\":\"Consejo de la Juventud Comarcal de Calahorra\"},\"image\":{\"@id\":\"https:\\\/\\\/consejojuventudcalahorra.com\\\/cjcc\\\/#\\\/schema\\\/logo\\\/image\\\/\"},\"sameAs\":[\"https:\\\/\\\/www.facebook.com\\\/consejojuventudcalahorra\\\/?locale=es_ES\"]}]}<\/script>\n<!-- \/ Yoast SEO plugin. -->","yoast_head_json":{"title":"TALLER DE ESTRELLAS - Consejo de la Juventud Comarcal de Calahorra","robots":{"index":"index","follow":"follow","max-snippet":"max-snippet:-1","max-image-preview":"max-image-preview:large","max-video-preview":"max-video-preview:-1"},"canonical":"https:\/\/consejojuventudcalahorra.com\/cjcc\/evento\/taller-de-estrellas\/","og_locale":"es_ES","og_type":"article","og_title":"TALLER DE ESTRELLAS - Consejo de la Juventud Comarcal de Calahorra","og_description":"El Consejo de la Juventud Comarcal de Calahorra presenta una nueva edici\u00f3n del\u00a0Taller de Estrellas, que se celebrar\u00e1 el\u00a0martes 12 de agosto a las 20:00 h. La participaci\u00f3n es gratuita [&hellip;]","og_url":"https:\/\/consejojuventudcalahorra.com\/cjcc\/evento\/taller-de-estrellas\/","og_site_name":"Consejo de la Juventud Comarcal de Calahorra","article_publisher":"https:\/\/www.facebook.com\/consejojuventudcalahorra\/?locale=es_ES","article_modified_time":"2025-07-28T07:43:01+00:00","og_image":[{"width":452,"height":640,"url":"https:\/\/consejojuventudcalahorra.com\/cjcc\/wp-content\/uploads\/2025\/07\/2025_07_28-taller-de-estrellas.jpeg","type":"image\/jpeg"}],"twitter_card":"summary_large_image","schema":{"@context":"https:\/\/schema.org","@graph":[{"@type":"WebPage","@id":"https:\/\/consejojuventudcalahorra.com\/cjcc\/evento\/taller-de-estrellas\/","url":"https:\/\/consejojuventudcalahorra.com\/cjcc\/evento\/taller-de-estrellas\/","name":"TALLER DE ESTRELLAS - Consejo de la Juventud Comarcal de Calahorra","isPartOf":{"@id":"https:\/\/consejojuventudcalahorra.com\/cjcc\/#website"},"primaryImageOfPage":{"@id":"https:\/\/consejojuventudcalahorra.com\/cjcc\/evento\/taller-de-estrellas\/#primaryimage"},"image":{"@id":"https:\/\/consejojuventudcalahorra.com\/cjcc\/evento\/taller-de-estrellas\/#primaryimage"},"thumbnailUrl":"https:\/\/consejojuventudcalahorra.com\/cjcc\/wp-content\/uploads\/2025\/07\/2025_07_28-taller-de-estrellas.jpeg","datePublished":"2025-06-17T09:56:20+00:00","dateModified":"2025-07-28T07:43:01+00:00","breadcrumb":{"@id":"https:\/\/consejojuventudcalahorra.com\/cjcc\/evento\/taller-de-estrellas\/#breadcrumb"},"inLanguage":"es","potentialAction":[{"@type":"ReadAction","target":["https:\/\/consejojuventudcalahorra.com\/cjcc\/evento\/taller-de-estrellas\/"]}]},{"@type":"ImageObject","inLanguage":"es","@id":"https:\/\/consejojuventudcalahorra.com\/cjcc\/evento\/taller-de-estrellas\/#primaryimage","url":"https:\/\/consejojuventudcalahorra.com\/cjcc\/wp-content\/uploads\/2025\/07\/2025_07_28-taller-de-estrellas.jpeg","contentUrl":"https:\/\/consejojuventudcalahorra.com\/cjcc\/wp-content\/uploads\/2025\/07\/2025_07_28-taller-de-estrellas.jpeg","width":452,"height":640},{"@type":"BreadcrumbList","@id":"https:\/\/consejojuventudcalahorra.com\/cjcc\/evento\/taller-de-estrellas\/#breadcrumb","itemListElement":[{"@type":"ListItem","position":1,"name":"Portada","item":"https:\/\/consejojuventudcalahorra.com\/cjcc\/"},{"@type":"ListItem","position":2,"name":"Eventos","item":"https:\/\/consejojuventudcalahorra.com\/cjcc\/calendario\/"},{"@type":"ListItem","position":3,"name":"TALLER DE ESTRELLAS"}]},{"@type":"WebSite","@id":"https:\/\/consejojuventudcalahorra.com\/cjcc\/#website","url":"https:\/\/consejojuventudcalahorra.com\/cjcc\/","name":"Consejo de la Juventud Comarcal de Calahorra","description":"Ser joven es ser algo m\u00e1s","publisher":{"@id":"https:\/\/consejojuventudcalahorra.com\/cjcc\/#organization"},"potentialAction":[{"@type":"SearchAction","target":{"@type":"EntryPoint","urlTemplate":"https:\/\/consejojuventudcalahorra.com\/cjcc\/?s={search_term_string}"},"query-input":{"@type":"PropertyValueSpecification","valueRequired":true,"valueName":"search_term_string"}}],"inLanguage":"es"},{"@type":"Organization","@id":"https:\/\/consejojuventudcalahorra.com\/cjcc\/#organization","name":"Consejo de la Juventud Comarcal de Calahorra","url":"https:\/\/consejojuventudcalahorra.com\/cjcc\/","logo":{"@type":"ImageObject","inLanguage":"es","@id":"https:\/\/consejojuventudcalahorra.com\/cjcc\/#\/schema\/logo\/image\/","url":"https:\/\/consejojuventudcalahorra.com\/cjcc\/wp-content\/uploads\/2025\/09\/Logo-CJCC.png","contentUrl":"https:\/\/consejojuventudcalahorra.com\/cjcc\/wp-content\/uploads\/2025\/09\/Logo-CJCC.png","width":964,"height":660,"caption":"Consejo de la Juventud Comarcal de Calahorra"},"image":{"@id":"https:\/\/consejojuventudcalahorra.com\/cjcc\/#\/schema\/logo\/image\/"},"sameAs":["https:\/\/www.facebook.com\/consejojuventudcalahorra\/?locale=es_ES"]}]}},"_links":{"self":[{"href":"https:\/\/consejojuventudcalahorra.com\/cjcc\/wp-json\/wp\/v2\/tribe_events\/8857","targetHints":{"allow":["GET"]}}],"collection":[{"href":"https:\/\/consejojuventudcalahorra.com\/cjcc\/wp-json\/wp\/v2\/tribe_events"}],"about":[{"href":"https:\/\/consejojuventudcalahorra.com\/cjcc\/wp-json\/wp\/v2\/types\/tribe_events"}],"author":[{"embeddable":true,"href":"https:\/\/consejojuventudcalahorra.com\/cjcc\/wp-json\/wp\/v2\/users\/1"}],"version-history":[{"count":6,"href":"https:\/\/consejojuventudcalahorra.com\/cjcc\/wp-json\/wp\/v2\/tribe_events\/8857\/revisions"}],"predecessor-version":[{"id":9427,"href":"https:\/\/consejojuventudcalahorra.com\/cjcc\/wp-json\/wp\/v2\/tribe_events\/8857\/revisions\/9427"}],"wp:featuredmedia":[{"embeddable":true,"href":"https:\/\/consejojuventudcalahorra.com\/cjcc\/wp-json\/wp\/v2\/media\/9418"}],"wp:attachment":[{"href":"https:\/\/consejojuventudcalahorra.com\/cjcc\/wp-json\/wp\/v2\/media?parent=8857"}],"wp:term":[{"taxonomy":"post_tag","embeddable":true,"href":"https:\/\/consejojuventudcalahorra.com\/cjcc\/wp-json\/wp\/v2\/tags?post=8857"},{"taxonomy":"tribe_events_cat","embeddable":true,"href":"https:\/\/consejojuventudcalahorra.com\/cjcc\/wp-json\/wp\/v2\/tribe_events_cat?post=8857"}],"curies":[{"name":"wp","href":"https:\/\/api.w.org\/{rel}","templated":true}]}}