{"id":8851,"date":"2025-06-17T11:33:51","date_gmt":"2025-06-17T09:33:51","guid":{"rendered":"https:\/\/consejojuventudcalahorra.com\/cjcc\/?post_type=tribe_events&#038;p=8851"},"modified":"2025-06-23T10:46:37","modified_gmt":"2025-06-23T08:46:37","slug":"viaje-estrasburgo","status":"publish","type":"tribe_events","link":"https:\/\/consejojuventudcalahorra.com\/cjcc\/evento\/viaje-estrasburgo\/","title":{"rendered":"VIAJE ESTRASBURGO"},"content":{"rendered":"<p>Viaje a estrasburgo de los voluntarios del Consejo de la Juventud Comarcal de Calahorra, es una visita al parlamento europeo que hay.<\/p>\n<p>Los voluntarios del Consejo de la Juventud Comarcal de Calahorra (CJCC) han tenido la oportunidad de vivir una experiencia \u00fanica: un viaje a Estrasburgo, ciudad s\u00edmbolo de la uni\u00f3n europea y sede del Parlamento Europeo. Esta visita no solo les permiti\u00f3 conocer de cerca una de las instituciones m\u00e1s importantes del continente, sino tambi\u00e9n profundizar en el funcionamiento democr\u00e1tico y pol\u00edtico de la Uni\u00f3n Europea.<\/p>\n<p>Durante el viaje, los y las voluntarias recorrieron el impresionante edificio del Parlamento, asistiendo a sesiones informativas, charlas y actividades organizadas para fomentar el conocimiento c\u00edvico y la participaci\u00f3n juvenil. Tambi\u00e9n pudieron dialogar con representantes europeos y conocer de primera mano c\u00f3mo se toman decisiones que afectan a millones de personas en Europa.<\/p>\n<p>Este tipo de experiencias refuerza el compromiso del CJCC con la formaci\u00f3n, la ciudadan\u00eda activa y el desarrollo personal de sus j\u00f3venes. Viajar a Estrasburgo no solo es un recorrido por la historia y la arquitectura europea, sino tambi\u00e9n una oportunidad para sentirse parte de algo m\u00e1s grande, comprendiendo el papel de la juventud en la construcci\u00f3n del presente y del futuro com\u00fan.<\/p>\n<p>Adem\u00e1s, el viaje permiti\u00f3 crear v\u00ednculos m\u00e1s fuertes entre los voluntarios, compartir ideas, inquietudes y visiones sobre Europa, y regresar a casa con una mirada m\u00e1s amplia sobre el mundo que nos rodea.<\/p>\n<p>Sin duda, esta visita al Parlamento Europeo deja una huella imborrable y motiva a seguir construyendo una juventud informada, cr\u00edtica y comprometida con su entorno.<\/p>\n<p><strong>Contacto:<\/strong><br \/>\nFacebook: <a href=\"https:\/\/www.facebook.com\/consejojuventudcalahorra\">https:\/\/www.facebook.com\/consejojuventudcalahorra<\/a><br \/>\nInstagram: <a href=\"https:\/\/www.instagram.com\/consejocalahorra\/\">https:\/\/www.instagram.com\/consejocalahorra\/<\/a><br \/>\n<strong>Revisa nuestro calendario:<\/strong><br \/>\n<a href=\"https:\/\/consejojuventudcalahorra.com\/cjcc\/calendario\/mes\/\">https:\/\/consejojuventudcalahorra.com\/cjcc\/calendario\/mes\/<\/a><\/p>\n","protected":false},"excerpt":{"rendered":"<p>Viaje a estrasburgo de los voluntarios del Consejo de la Juventud Comarcal de Calahorra, es una visita al parlamento europeo que hay. Los voluntarios del Consejo de la Juventud Comarcal [&hellip;]<\/p>\n","protected":false},"author":1,"featured_media":0,"template":"","meta":{"_et_pb_use_builder":"","_et_pb_old_content":"","_et_gb_content_width":"","_tribe_events_status":"","_tribe_events_status_reason":"","footnotes":""},"tags":[],"tribe_events_cat":[82],"class_list":["post-8851","tribe_events","type-tribe_events","status-publish","hentry","tribe_events_cat-viaje-estrasburgo","cat_viaje-estrasburgo"],"yoast_head":"<!-- This site is optimized with the Yoast SEO plugin v27.4 - https:\/\/yoast.com\/product\/yoast-seo-wordpress\/ -->\n<title>VIAJE ESTRASBURGO - Consejo de la Juventud Comarcal de Calahorra<\/title>\n<meta name=\"description\" content=\"Viaje a estrasburgo organizado por el Consejo de la Juventud Comarcal de Calahorra, visita al parlamento europeo localizado en Francia\" \/>\n<meta name=\"robots\" content=\"index, follow, max-snippet:-1, max-image-preview:large, max-video-preview:-1\" \/>\n<link rel=\"canonical\" href=\"https:\/\/consejojuventudcalahorra.com\/cjcc\/evento\/viaje-estrasburgo\/\" \/>\n<meta property=\"og:locale\" content=\"es_ES\" \/>\n<meta property=\"og:type\" content=\"article\" \/>\n<meta property=\"og:title\" content=\"VIAJE ESTRASBURGO - Consejo de la Juventud Comarcal de Calahorra\" \/>\n<meta property=\"og:description\" content=\"Viaje a estrasburgo organizado por el Consejo de la Juventud Comarcal de Calahorra, visita al parlamento europeo localizado en Francia\" \/>\n<meta property=\"og:url\" content=\"https:\/\/consejojuventudcalahorra.com\/cjcc\/evento\/viaje-estrasburgo\/\" \/>\n<meta property=\"og:site_name\" content=\"Consejo de la Juventud Comarcal de Calahorra\" \/>\n<meta property=\"article:publisher\" content=\"https:\/\/www.facebook.com\/consejojuventudcalahorra\/?locale=es_ES\" \/>\n<meta property=\"article:modified_time\" content=\"2025-06-23T08:46:37+00:00\" \/>\n<meta name=\"twitter:card\" content=\"summary_large_image\" \/>\n<meta name=\"twitter:label1\" content=\"Tiempo de lectura\" \/>\n\t<meta name=\"twitter:data1\" content=\"2 minutos\" \/>\n<script type=\"application\/ld+json\" class=\"yoast-schema-graph\">{\"@context\":\"https:\\\/\\\/schema.org\",\"@graph\":[{\"@type\":\"WebPage\",\"@id\":\"https:\\\/\\\/consejojuventudcalahorra.com\\\/cjcc\\\/evento\\\/viaje-estrasburgo\\\/\",\"url\":\"https:\\\/\\\/consejojuventudcalahorra.com\\\/cjcc\\\/evento\\\/viaje-estrasburgo\\\/\",\"name\":\"VIAJE ESTRASBURGO - Consejo de la Juventud Comarcal de Calahorra\",\"isPartOf\":{\"@id\":\"https:\\\/\\\/consejojuventudcalahorra.com\\\/cjcc\\\/#website\"},\"datePublished\":\"2025-06-17T09:33:51+00:00\",\"dateModified\":\"2025-06-23T08:46:37+00:00\",\"description\":\"Viaje a estrasburgo organizado por el Consejo de la Juventud Comarcal de Calahorra, visita al parlamento europeo localizado en Francia\",\"breadcrumb\":{\"@id\":\"https:\\\/\\\/consejojuventudcalahorra.com\\\/cjcc\\\/evento\\\/viaje-estrasburgo\\\/#breadcrumb\"},\"inLanguage\":\"es\",\"potentialAction\":[{\"@type\":\"ReadAction\",\"target\":[\"https:\\\/\\\/consejojuventudcalahorra.com\\\/cjcc\\\/evento\\\/viaje-estrasburgo\\\/\"]}]},{\"@type\":\"BreadcrumbList\",\"@id\":\"https:\\\/\\\/consejojuventudcalahorra.com\\\/cjcc\\\/evento\\\/viaje-estrasburgo\\\/#breadcrumb\",\"itemListElement\":[{\"@type\":\"ListItem\",\"position\":1,\"name\":\"Portada\",\"item\":\"https:\\\/\\\/consejojuventudcalahorra.com\\\/cjcc\\\/\"},{\"@type\":\"ListItem\",\"position\":2,\"name\":\"Eventos\",\"item\":\"https:\\\/\\\/consejojuventudcalahorra.com\\\/cjcc\\\/calendario\\\/\"},{\"@type\":\"ListItem\",\"position\":3,\"name\":\"VIAJE ESTRASBURGO\"}]},{\"@type\":\"WebSite\",\"@id\":\"https:\\\/\\\/consejojuventudcalahorra.com\\\/cjcc\\\/#website\",\"url\":\"https:\\\/\\\/consejojuventudcalahorra.com\\\/cjcc\\\/\",\"name\":\"Consejo de la Juventud Comarcal de Calahorra\",\"description\":\"Ser joven es ser algo m\u00e1s\",\"publisher\":{\"@id\":\"https:\\\/\\\/consejojuventudcalahorra.com\\\/cjcc\\\/#organization\"},\"potentialAction\":[{\"@type\":\"SearchAction\",\"target\":{\"@type\":\"EntryPoint\",\"urlTemplate\":\"https:\\\/\\\/consejojuventudcalahorra.com\\\/cjcc\\\/?s={search_term_string}\"},\"query-input\":{\"@type\":\"PropertyValueSpecification\",\"valueRequired\":true,\"valueName\":\"search_term_string\"}}],\"inLanguage\":\"es\"},{\"@type\":\"Organization\",\"@id\":\"https:\\\/\\\/consejojuventudcalahorra.com\\\/cjcc\\\/#organization\",\"name\":\"Consejo de la Juventud Comarcal de Calahorra\",\"url\":\"https:\\\/\\\/consejojuventudcalahorra.com\\\/cjcc\\\/\",\"logo\":{\"@type\":\"ImageObject\",\"inLanguage\":\"es\",\"@id\":\"https:\\\/\\\/consejojuventudcalahorra.com\\\/cjcc\\\/#\\\/schema\\\/logo\\\/image\\\/\",\"url\":\"https:\\\/\\\/consejojuventudcalahorra.com\\\/cjcc\\\/wp-content\\\/uploads\\\/2025\\\/09\\\/Logo-CJCC.png\",\"contentUrl\":\"https:\\\/\\\/consejojuventudcalahorra.com\\\/cjcc\\\/wp-content\\\/uploads\\\/2025\\\/09\\\/Logo-CJCC.png\",\"width\":964,\"height\":660,\"caption\":\"Consejo de la Juventud Comarcal de Calahorra\"},\"image\":{\"@id\":\"https:\\\/\\\/consejojuventudcalahorra.com\\\/cjcc\\\/#\\\/schema\\\/logo\\\/image\\\/\"},\"sameAs\":[\"https:\\\/\\\/www.facebook.com\\\/consejojuventudcalahorra\\\/?locale=es_ES\"]}]}<\/script>\n<!-- \/ Yoast SEO plugin. -->","yoast_head_json":{"title":"VIAJE ESTRASBURGO - Consejo de la Juventud Comarcal de Calahorra","description":"Viaje a estrasburgo organizado por el Consejo de la Juventud Comarcal de Calahorra, visita al parlamento europeo localizado en Francia","robots":{"index":"index","follow":"follow","max-snippet":"max-snippet:-1","max-image-preview":"max-image-preview:large","max-video-preview":"max-video-preview:-1"},"canonical":"https:\/\/consejojuventudcalahorra.com\/cjcc\/evento\/viaje-estrasburgo\/","og_locale":"es_ES","og_type":"article","og_title":"VIAJE ESTRASBURGO - Consejo de la Juventud Comarcal de Calahorra","og_description":"Viaje a estrasburgo organizado por el Consejo de la Juventud Comarcal de Calahorra, visita al parlamento europeo localizado en Francia","og_url":"https:\/\/consejojuventudcalahorra.com\/cjcc\/evento\/viaje-estrasburgo\/","og_site_name":"Consejo de la Juventud Comarcal de Calahorra","article_publisher":"https:\/\/www.facebook.com\/consejojuventudcalahorra\/?locale=es_ES","article_modified_time":"2025-06-23T08:46:37+00:00","twitter_card":"summary_large_image","twitter_misc":{"Tiempo de lectura":"2 minutos"},"schema":{"@context":"https:\/\/schema.org","@graph":[{"@type":"WebPage","@id":"https:\/\/consejojuventudcalahorra.com\/cjcc\/evento\/viaje-estrasburgo\/","url":"https:\/\/consejojuventudcalahorra.com\/cjcc\/evento\/viaje-estrasburgo\/","name":"VIAJE ESTRASBURGO - Consejo de la Juventud Comarcal de Calahorra","isPartOf":{"@id":"https:\/\/consejojuventudcalahorra.com\/cjcc\/#website"},"datePublished":"2025-06-17T09:33:51+00:00","dateModified":"2025-06-23T08:46:37+00:00","description":"Viaje a estrasburgo organizado por el Consejo de la Juventud Comarcal de Calahorra, visita al parlamento europeo localizado en Francia","breadcrumb":{"@id":"https:\/\/consejojuventudcalahorra.com\/cjcc\/evento\/viaje-estrasburgo\/#breadcrumb"},"inLanguage":"es","potentialAction":[{"@type":"ReadAction","target":["https:\/\/consejojuventudcalahorra.com\/cjcc\/evento\/viaje-estrasburgo\/"]}]},{"@type":"BreadcrumbList","@id":"https:\/\/consejojuventudcalahorra.com\/cjcc\/evento\/viaje-estrasburgo\/#breadcrumb","itemListElement":[{"@type":"ListItem","position":1,"name":"Portada","item":"https:\/\/consejojuventudcalahorra.com\/cjcc\/"},{"@type":"ListItem","position":2,"name":"Eventos","item":"https:\/\/consejojuventudcalahorra.com\/cjcc\/calendario\/"},{"@type":"ListItem","position":3,"name":"VIAJE ESTRASBURGO"}]},{"@type":"WebSite","@id":"https:\/\/consejojuventudcalahorra.com\/cjcc\/#website","url":"https:\/\/consejojuventudcalahorra.com\/cjcc\/","name":"Consejo de la Juventud Comarcal de Calahorra","description":"Ser joven es ser algo m\u00e1s","publisher":{"@id":"https:\/\/consejojuventudcalahorra.com\/cjcc\/#organization"},"potentialAction":[{"@type":"SearchAction","target":{"@type":"EntryPoint","urlTemplate":"https:\/\/consejojuventudcalahorra.com\/cjcc\/?s={search_term_string}"},"query-input":{"@type":"PropertyValueSpecification","valueRequired":true,"valueName":"search_term_string"}}],"inLanguage":"es"},{"@type":"Organization","@id":"https:\/\/consejojuventudcalahorra.com\/cjcc\/#organization","name":"Consejo de la Juventud Comarcal de Calahorra","url":"https:\/\/consejojuventudcalahorra.com\/cjcc\/","logo":{"@type":"ImageObject","inLanguage":"es","@id":"https:\/\/consejojuventudcalahorra.com\/cjcc\/#\/schema\/logo\/image\/","url":"https:\/\/consejojuventudcalahorra.com\/cjcc\/wp-content\/uploads\/2025\/09\/Logo-CJCC.png","contentUrl":"https:\/\/consejojuventudcalahorra.com\/cjcc\/wp-content\/uploads\/2025\/09\/Logo-CJCC.png","width":964,"height":660,"caption":"Consejo de la Juventud Comarcal de Calahorra"},"image":{"@id":"https:\/\/consejojuventudcalahorra.com\/cjcc\/#\/schema\/logo\/image\/"},"sameAs":["https:\/\/www.facebook.com\/consejojuventudcalahorra\/?locale=es_ES"]}]}},"_links":{"self":[{"href":"https:\/\/consejojuventudcalahorra.com\/cjcc\/wp-json\/wp\/v2\/tribe_events\/8851","targetHints":{"allow":["GET"]}}],"collection":[{"href":"https:\/\/consejojuventudcalahorra.com\/cjcc\/wp-json\/wp\/v2\/tribe_events"}],"about":[{"href":"https:\/\/consejojuventudcalahorra.com\/cjcc\/wp-json\/wp\/v2\/types\/tribe_events"}],"author":[{"embeddable":true,"href":"https:\/\/consejojuventudcalahorra.com\/cjcc\/wp-json\/wp\/v2\/users\/1"}],"version-history":[{"count":4,"href":"https:\/\/consejojuventudcalahorra.com\/cjcc\/wp-json\/wp\/v2\/tribe_events\/8851\/revisions"}],"predecessor-version":[{"id":8944,"href":"https:\/\/consejojuventudcalahorra.com\/cjcc\/wp-json\/wp\/v2\/tribe_events\/8851\/revisions\/8944"}],"wp:attachment":[{"href":"https:\/\/consejojuventudcalahorra.com\/cjcc\/wp-json\/wp\/v2\/media?parent=8851"}],"wp:term":[{"taxonomy":"post_tag","embeddable":true,"href":"https:\/\/consejojuventudcalahorra.com\/cjcc\/wp-json\/wp\/v2\/tags?post=8851"},{"taxonomy":"tribe_events_cat","embeddable":true,"href":"https:\/\/consejojuventudcalahorra.com\/cjcc\/wp-json\/wp\/v2\/tribe_events_cat?post=8851"}],"curies":[{"name":"wp","href":"https:\/\/api.w.org\/{rel}","templated":true}]}}