{"id":8616,"date":"2025-05-26T10:01:46","date_gmt":"2025-05-26T08:01:46","guid":{"rendered":"https:\/\/consejojuventudcalahorra.com\/cjcc\/?post_type=tribe_events&#038;p=8616"},"modified":"2025-06-23T10:57:21","modified_gmt":"2025-06-23T08:57:21","slug":"curso-de-monitor-de-ocio-y-tiempo-libre","status":"publish","type":"tribe_events","link":"https:\/\/consejojuventudcalahorra.com\/cjcc\/evento\/curso-de-monitor-de-ocio-y-tiempo-libre\/","title":{"rendered":"CURSO DE MONITOR DE OCIO Y TIEMPO LIBRE"},"content":{"rendered":"<p><strong>Curso de Monitor de Ocio y Tiempo Libre: \u00a1F\u00f3rmate para transformar el tiempo libre en experiencias inolvidables!<\/strong><\/p>\n<p>El Consejo de la Juventud Comarcal de Calahorra (CJCC) organiza un completo <strong>Curso de Monitor de Ocio y Tiempo Libre<\/strong>, una oportunidad ideal para quienes desean formarse en el \u00e1mbito educativo no formal y <strong>trabajar con infancia<\/strong> y juventud en actividades l\u00fadicas, campamentos, talleres y m\u00e1s.<br \/>\nEl curso consta de <strong>300 horas<\/strong> de formaci\u00f3n, distribuidas en tres bloques:<br \/>\n120 horas te\u00f3ricas, donde se abordar\u00e1n contenidos clave como din\u00e1micas de grupo, habilidades sociales, planificaci\u00f3n de actividades y prevenci\u00f3n de riesgos.<br \/>\n30 horas de elaboraci\u00f3n de un proyecto, en el que aplicar\u00e1s los conocimientos adquiridos.<br \/>\n150 horas de pr\u00e1cticas, para poner en marcha tu creatividad en un entorno real.<\/p>\n<p>La formaci\u00f3n tendr\u00e1 lugar del <strong>14 al 30 de julio<\/strong> en horario intensivo de 8:00 a 16:00, y est\u00e1 pensada para ofrecerte una experiencia formativa s\u00f3lida, din\u00e1mica y muy pr\u00e1ctica.<br \/>\nLas inscripciones est\u00e1n abiertas hasta el 30 de mayo en la sede del CJCC. Las plazas son <strong>limitadas<\/strong>, por lo que se recomienda apuntarse lo antes posible. Adem\u00e1s, existe la posibilidad de solicitar una subvenci\u00f3n a trav\u00e9s del Instituto Riojano de la Juventud (IRJ).<br \/>\nLos requisitos para participar son:<br \/>\nTener 18 a\u00f1os cumplidos al inicio del curso.<br \/>\nEstar en posesi\u00f3n del Graduado en ESO o equivalente.<\/p>\n<p>Si te apasiona trabajar con personas, quieres adquirir herramientas educativas y est\u00e1s listo para convertirte en monitor, \u00a1este curso es para ti! F\u00f3rmate, crece y empieza tu camino en el ocio educativo.<\/p>\n<p><strong>Contacto:<\/strong><br \/>\nFacebook: <a href=\"https:\/\/www.facebook.com\/consejojuventudcalahorra\">https:\/\/www.facebook.com\/consejojuventudcalahorra<\/a><br \/>\nInstagram: <a href=\"https:\/\/www.instagram.com\/consejocalahorra\/\">https:\/\/www.instagram.com\/consejocalahorra\/<\/a><br \/>\n<strong>Revisa nuestro calendario:<\/strong><br \/>\n<a href=\"https:\/\/consejojuventudcalahorra.com\/cjcc\/calendario\/mes\/\">https:\/\/consejojuventudcalahorra.com\/cjcc\/calendario\/mes\/<\/a><\/p>\n","protected":false},"excerpt":{"rendered":"<p>Curso de Monitor de Ocio y Tiempo Libre: \u00a1F\u00f3rmate para transformar el tiempo libre en experiencias inolvidables! El Consejo de la Juventud Comarcal de Calahorra (CJCC) organiza un completo Curso [&hellip;]<\/p>\n","protected":false},"author":1,"featured_media":8219,"template":"","meta":{"_et_pb_use_builder":"","_et_pb_old_content":"","_et_gb_content_width":"","_tribe_events_status":"","_tribe_events_status_reason":"","footnotes":""},"tags":[],"tribe_events_cat":[74],"class_list":["post-8616","tribe_events","type-tribe_events","status-publish","has-post-thumbnail","hentry","tribe_events_cat-curso-monitor-ocio-tiempolibre","cat_curso-monitor-ocio-tiempolibre"],"yoast_head":"<!-- This site is optimized with the Yoast SEO plugin v27.4 - https:\/\/yoast.com\/product\/yoast-seo-wordpress\/ -->\n<title>CURSO DE MONITOR DE OCIO Y TIEMPO LIBRE - Consejo de la Juventud Comarcal de Calahorra<\/title>\n<meta name=\"description\" content=\"Curso de monitor, ocio y tiempo libre organizado por el Consejo de la Juventud Comarcal de Calahorra. Plazas limitadas\" \/>\n<meta name=\"robots\" content=\"index, follow, max-snippet:-1, max-image-preview:large, max-video-preview:-1\" \/>\n<link rel=\"canonical\" href=\"https:\/\/consejojuventudcalahorra.com\/cjcc\/evento\/curso-de-monitor-de-ocio-y-tiempo-libre\/\" \/>\n<meta property=\"og:locale\" content=\"es_ES\" \/>\n<meta property=\"og:type\" content=\"article\" \/>\n<meta property=\"og:title\" content=\"CURSO DE MONITOR DE OCIO Y TIEMPO LIBRE - Consejo de la Juventud Comarcal de Calahorra\" \/>\n<meta property=\"og:description\" content=\"Curso de monitor, ocio y tiempo libre organizado por el Consejo de la Juventud Comarcal de Calahorra. Plazas limitadas\" \/>\n<meta property=\"og:url\" content=\"https:\/\/consejojuventudcalahorra.com\/cjcc\/evento\/curso-de-monitor-de-ocio-y-tiempo-libre\/\" \/>\n<meta property=\"og:site_name\" content=\"Consejo de la Juventud Comarcal de Calahorra\" \/>\n<meta property=\"article:publisher\" content=\"https:\/\/www.facebook.com\/consejojuventudcalahorra\/?locale=es_ES\" \/>\n<meta property=\"article:modified_time\" content=\"2025-06-23T08:57:21+00:00\" \/>\n<meta property=\"og:image\" content=\"https:\/\/consejojuventudcalahorra.com\/cjcc\/wp-content\/uploads\/2025\/03\/Diseno-sin-titulo-1.jpg\" \/>\n\t<meta property=\"og:image:width\" content=\"1587\" \/>\n\t<meta property=\"og:image:height\" content=\"2245\" \/>\n\t<meta property=\"og:image:type\" content=\"image\/jpeg\" \/>\n<meta name=\"twitter:card\" content=\"summary_large_image\" \/>\n<meta name=\"twitter:label1\" content=\"Tiempo de lectura\" \/>\n\t<meta name=\"twitter:data1\" content=\"2 minutos\" \/>\n<script type=\"application\/ld+json\" class=\"yoast-schema-graph\">{\"@context\":\"https:\\\/\\\/schema.org\",\"@graph\":[{\"@type\":\"WebPage\",\"@id\":\"https:\\\/\\\/consejojuventudcalahorra.com\\\/cjcc\\\/evento\\\/curso-de-monitor-de-ocio-y-tiempo-libre\\\/\",\"url\":\"https:\\\/\\\/consejojuventudcalahorra.com\\\/cjcc\\\/evento\\\/curso-de-monitor-de-ocio-y-tiempo-libre\\\/\",\"name\":\"CURSO DE MONITOR DE OCIO Y TIEMPO LIBRE - Consejo de la Juventud Comarcal de Calahorra\",\"isPartOf\":{\"@id\":\"https:\\\/\\\/consejojuventudcalahorra.com\\\/cjcc\\\/#website\"},\"primaryImageOfPage\":{\"@id\":\"https:\\\/\\\/consejojuventudcalahorra.com\\\/cjcc\\\/evento\\\/curso-de-monitor-de-ocio-y-tiempo-libre\\\/#primaryimage\"},\"image\":{\"@id\":\"https:\\\/\\\/consejojuventudcalahorra.com\\\/cjcc\\\/evento\\\/curso-de-monitor-de-ocio-y-tiempo-libre\\\/#primaryimage\"},\"thumbnailUrl\":\"https:\\\/\\\/consejojuventudcalahorra.com\\\/cjcc\\\/wp-content\\\/uploads\\\/2025\\\/03\\\/Diseno-sin-titulo-1.jpg\",\"datePublished\":\"2025-05-26T08:01:46+00:00\",\"dateModified\":\"2025-06-23T08:57:21+00:00\",\"description\":\"Curso de monitor, ocio y tiempo libre organizado por el Consejo de la Juventud Comarcal de Calahorra. Plazas limitadas\",\"breadcrumb\":{\"@id\":\"https:\\\/\\\/consejojuventudcalahorra.com\\\/cjcc\\\/evento\\\/curso-de-monitor-de-ocio-y-tiempo-libre\\\/#breadcrumb\"},\"inLanguage\":\"es\",\"potentialAction\":[{\"@type\":\"ReadAction\",\"target\":[\"https:\\\/\\\/consejojuventudcalahorra.com\\\/cjcc\\\/evento\\\/curso-de-monitor-de-ocio-y-tiempo-libre\\\/\"]}]},{\"@type\":\"ImageObject\",\"inLanguage\":\"es\",\"@id\":\"https:\\\/\\\/consejojuventudcalahorra.com\\\/cjcc\\\/evento\\\/curso-de-monitor-de-ocio-y-tiempo-libre\\\/#primaryimage\",\"url\":\"https:\\\/\\\/consejojuventudcalahorra.com\\\/cjcc\\\/wp-content\\\/uploads\\\/2025\\\/03\\\/Diseno-sin-titulo-1.jpg\",\"contentUrl\":\"https:\\\/\\\/consejojuventudcalahorra.com\\\/cjcc\\\/wp-content\\\/uploads\\\/2025\\\/03\\\/Diseno-sin-titulo-1.jpg\",\"width\":1587,\"height\":2245,\"caption\":\"Cartel del curso de monitor, ocio y tiempo libre\"},{\"@type\":\"BreadcrumbList\",\"@id\":\"https:\\\/\\\/consejojuventudcalahorra.com\\\/cjcc\\\/evento\\\/curso-de-monitor-de-ocio-y-tiempo-libre\\\/#breadcrumb\",\"itemListElement\":[{\"@type\":\"ListItem\",\"position\":1,\"name\":\"Portada\",\"item\":\"https:\\\/\\\/consejojuventudcalahorra.com\\\/cjcc\\\/\"},{\"@type\":\"ListItem\",\"position\":2,\"name\":\"Eventos\",\"item\":\"https:\\\/\\\/consejojuventudcalahorra.com\\\/cjcc\\\/calendario\\\/\"},{\"@type\":\"ListItem\",\"position\":3,\"name\":\"CURSO DE MONITOR DE OCIO Y TIEMPO LIBRE\"}]},{\"@type\":\"WebSite\",\"@id\":\"https:\\\/\\\/consejojuventudcalahorra.com\\\/cjcc\\\/#website\",\"url\":\"https:\\\/\\\/consejojuventudcalahorra.com\\\/cjcc\\\/\",\"name\":\"Consejo de la Juventud Comarcal de Calahorra\",\"description\":\"Ser joven es ser algo m\u00e1s\",\"publisher\":{\"@id\":\"https:\\\/\\\/consejojuventudcalahorra.com\\\/cjcc\\\/#organization\"},\"potentialAction\":[{\"@type\":\"SearchAction\",\"target\":{\"@type\":\"EntryPoint\",\"urlTemplate\":\"https:\\\/\\\/consejojuventudcalahorra.com\\\/cjcc\\\/?s={search_term_string}\"},\"query-input\":{\"@type\":\"PropertyValueSpecification\",\"valueRequired\":true,\"valueName\":\"search_term_string\"}}],\"inLanguage\":\"es\"},{\"@type\":\"Organization\",\"@id\":\"https:\\\/\\\/consejojuventudcalahorra.com\\\/cjcc\\\/#organization\",\"name\":\"Consejo de la Juventud Comarcal de Calahorra\",\"url\":\"https:\\\/\\\/consejojuventudcalahorra.com\\\/cjcc\\\/\",\"logo\":{\"@type\":\"ImageObject\",\"inLanguage\":\"es\",\"@id\":\"https:\\\/\\\/consejojuventudcalahorra.com\\\/cjcc\\\/#\\\/schema\\\/logo\\\/image\\\/\",\"url\":\"https:\\\/\\\/consejojuventudcalahorra.com\\\/cjcc\\\/wp-content\\\/uploads\\\/2025\\\/09\\\/Logo-CJCC.png\",\"contentUrl\":\"https:\\\/\\\/consejojuventudcalahorra.com\\\/cjcc\\\/wp-content\\\/uploads\\\/2025\\\/09\\\/Logo-CJCC.png\",\"width\":964,\"height\":660,\"caption\":\"Consejo de la Juventud Comarcal de Calahorra\"},\"image\":{\"@id\":\"https:\\\/\\\/consejojuventudcalahorra.com\\\/cjcc\\\/#\\\/schema\\\/logo\\\/image\\\/\"},\"sameAs\":[\"https:\\\/\\\/www.facebook.com\\\/consejojuventudcalahorra\\\/?locale=es_ES\"]}]}<\/script>\n<!-- \/ Yoast SEO plugin. -->","yoast_head_json":{"title":"CURSO DE MONITOR DE OCIO Y TIEMPO LIBRE - Consejo de la Juventud Comarcal de Calahorra","description":"Curso de monitor, ocio y tiempo libre organizado por el Consejo de la Juventud Comarcal de Calahorra. Plazas limitadas","robots":{"index":"index","follow":"follow","max-snippet":"max-snippet:-1","max-image-preview":"max-image-preview:large","max-video-preview":"max-video-preview:-1"},"canonical":"https:\/\/consejojuventudcalahorra.com\/cjcc\/evento\/curso-de-monitor-de-ocio-y-tiempo-libre\/","og_locale":"es_ES","og_type":"article","og_title":"CURSO DE MONITOR DE OCIO Y TIEMPO LIBRE - Consejo de la Juventud Comarcal de Calahorra","og_description":"Curso de monitor, ocio y tiempo libre organizado por el Consejo de la Juventud Comarcal de Calahorra. Plazas limitadas","og_url":"https:\/\/consejojuventudcalahorra.com\/cjcc\/evento\/curso-de-monitor-de-ocio-y-tiempo-libre\/","og_site_name":"Consejo de la Juventud Comarcal de Calahorra","article_publisher":"https:\/\/www.facebook.com\/consejojuventudcalahorra\/?locale=es_ES","article_modified_time":"2025-06-23T08:57:21+00:00","og_image":[{"width":1587,"height":2245,"url":"https:\/\/consejojuventudcalahorra.com\/cjcc\/wp-content\/uploads\/2025\/03\/Diseno-sin-titulo-1.jpg","type":"image\/jpeg"}],"twitter_card":"summary_large_image","twitter_misc":{"Tiempo de lectura":"2 minutos"},"schema":{"@context":"https:\/\/schema.org","@graph":[{"@type":"WebPage","@id":"https:\/\/consejojuventudcalahorra.com\/cjcc\/evento\/curso-de-monitor-de-ocio-y-tiempo-libre\/","url":"https:\/\/consejojuventudcalahorra.com\/cjcc\/evento\/curso-de-monitor-de-ocio-y-tiempo-libre\/","name":"CURSO DE MONITOR DE OCIO Y TIEMPO LIBRE - Consejo de la Juventud Comarcal de Calahorra","isPartOf":{"@id":"https:\/\/consejojuventudcalahorra.com\/cjcc\/#website"},"primaryImageOfPage":{"@id":"https:\/\/consejojuventudcalahorra.com\/cjcc\/evento\/curso-de-monitor-de-ocio-y-tiempo-libre\/#primaryimage"},"image":{"@id":"https:\/\/consejojuventudcalahorra.com\/cjcc\/evento\/curso-de-monitor-de-ocio-y-tiempo-libre\/#primaryimage"},"thumbnailUrl":"https:\/\/consejojuventudcalahorra.com\/cjcc\/wp-content\/uploads\/2025\/03\/Diseno-sin-titulo-1.jpg","datePublished":"2025-05-26T08:01:46+00:00","dateModified":"2025-06-23T08:57:21+00:00","description":"Curso de monitor, ocio y tiempo libre organizado por el Consejo de la Juventud Comarcal de Calahorra. Plazas limitadas","breadcrumb":{"@id":"https:\/\/consejojuventudcalahorra.com\/cjcc\/evento\/curso-de-monitor-de-ocio-y-tiempo-libre\/#breadcrumb"},"inLanguage":"es","potentialAction":[{"@type":"ReadAction","target":["https:\/\/consejojuventudcalahorra.com\/cjcc\/evento\/curso-de-monitor-de-ocio-y-tiempo-libre\/"]}]},{"@type":"ImageObject","inLanguage":"es","@id":"https:\/\/consejojuventudcalahorra.com\/cjcc\/evento\/curso-de-monitor-de-ocio-y-tiempo-libre\/#primaryimage","url":"https:\/\/consejojuventudcalahorra.com\/cjcc\/wp-content\/uploads\/2025\/03\/Diseno-sin-titulo-1.jpg","contentUrl":"https:\/\/consejojuventudcalahorra.com\/cjcc\/wp-content\/uploads\/2025\/03\/Diseno-sin-titulo-1.jpg","width":1587,"height":2245,"caption":"Cartel del curso de monitor, ocio y tiempo libre"},{"@type":"BreadcrumbList","@id":"https:\/\/consejojuventudcalahorra.com\/cjcc\/evento\/curso-de-monitor-de-ocio-y-tiempo-libre\/#breadcrumb","itemListElement":[{"@type":"ListItem","position":1,"name":"Portada","item":"https:\/\/consejojuventudcalahorra.com\/cjcc\/"},{"@type":"ListItem","position":2,"name":"Eventos","item":"https:\/\/consejojuventudcalahorra.com\/cjcc\/calendario\/"},{"@type":"ListItem","position":3,"name":"CURSO DE MONITOR DE OCIO Y TIEMPO LIBRE"}]},{"@type":"WebSite","@id":"https:\/\/consejojuventudcalahorra.com\/cjcc\/#website","url":"https:\/\/consejojuventudcalahorra.com\/cjcc\/","name":"Consejo de la Juventud Comarcal de Calahorra","description":"Ser joven es ser algo m\u00e1s","publisher":{"@id":"https:\/\/consejojuventudcalahorra.com\/cjcc\/#organization"},"potentialAction":[{"@type":"SearchAction","target":{"@type":"EntryPoint","urlTemplate":"https:\/\/consejojuventudcalahorra.com\/cjcc\/?s={search_term_string}"},"query-input":{"@type":"PropertyValueSpecification","valueRequired":true,"valueName":"search_term_string"}}],"inLanguage":"es"},{"@type":"Organization","@id":"https:\/\/consejojuventudcalahorra.com\/cjcc\/#organization","name":"Consejo de la Juventud Comarcal de Calahorra","url":"https:\/\/consejojuventudcalahorra.com\/cjcc\/","logo":{"@type":"ImageObject","inLanguage":"es","@id":"https:\/\/consejojuventudcalahorra.com\/cjcc\/#\/schema\/logo\/image\/","url":"https:\/\/consejojuventudcalahorra.com\/cjcc\/wp-content\/uploads\/2025\/09\/Logo-CJCC.png","contentUrl":"https:\/\/consejojuventudcalahorra.com\/cjcc\/wp-content\/uploads\/2025\/09\/Logo-CJCC.png","width":964,"height":660,"caption":"Consejo de la Juventud Comarcal de Calahorra"},"image":{"@id":"https:\/\/consejojuventudcalahorra.com\/cjcc\/#\/schema\/logo\/image\/"},"sameAs":["https:\/\/www.facebook.com\/consejojuventudcalahorra\/?locale=es_ES"]}]}},"_links":{"self":[{"href":"https:\/\/consejojuventudcalahorra.com\/cjcc\/wp-json\/wp\/v2\/tribe_events\/8616","targetHints":{"allow":["GET"]}}],"collection":[{"href":"https:\/\/consejojuventudcalahorra.com\/cjcc\/wp-json\/wp\/v2\/tribe_events"}],"about":[{"href":"https:\/\/consejojuventudcalahorra.com\/cjcc\/wp-json\/wp\/v2\/types\/tribe_events"}],"author":[{"embeddable":true,"href":"https:\/\/consejojuventudcalahorra.com\/cjcc\/wp-json\/wp\/v2\/users\/1"}],"version-history":[{"count":3,"href":"https:\/\/consejojuventudcalahorra.com\/cjcc\/wp-json\/wp\/v2\/tribe_events\/8616\/revisions"}],"predecessor-version":[{"id":8946,"href":"https:\/\/consejojuventudcalahorra.com\/cjcc\/wp-json\/wp\/v2\/tribe_events\/8616\/revisions\/8946"}],"wp:featuredmedia":[{"embeddable":true,"href":"https:\/\/consejojuventudcalahorra.com\/cjcc\/wp-json\/wp\/v2\/media\/8219"}],"wp:attachment":[{"href":"https:\/\/consejojuventudcalahorra.com\/cjcc\/wp-json\/wp\/v2\/media?parent=8616"}],"wp:term":[{"taxonomy":"post_tag","embeddable":true,"href":"https:\/\/consejojuventudcalahorra.com\/cjcc\/wp-json\/wp\/v2\/tags?post=8616"},{"taxonomy":"tribe_events_cat","embeddable":true,"href":"https:\/\/consejojuventudcalahorra.com\/cjcc\/wp-json\/wp\/v2\/tribe_events_cat?post=8616"}],"curies":[{"name":"wp","href":"https:\/\/api.w.org\/{rel}","templated":true}]}}